{"id":857,"date":"2017-08-14T21:09:35","date_gmt":"2017-08-14T19:09:35","guid":{"rendered":"http:\/\/test.alte-kuechn.de\/?page_id=857"},"modified":"2019-11-27T17:52:20","modified_gmt":"2019-11-27T16:52:20","slug":"references","status":"publish","type":"page","link":"https:\/\/alte-kuechn.de\/en\/references\/","title":{"rendered":"References"},"content":{"rendered":"<div id='full_slider_1'  class='avia-fullwidth-slider main_color avia-shadow   avia-builder-el-0  el_before_av_one_half  avia-builder-el-first   container_wrap fullsize'  >\n<style type=\"text\/css\" data-created_by=\"avia_inline_auto\" id=\"style-css-av-288ddd-088235da0297234675022de79bdea8e2\">\n\n@media only screen and (max-width: 479px){ \n#top #wrap_all .avia-slideshow .av-slideshow-caption.av-288ddd-088235da0297234675022de79bdea8e2__0 .avia-caption-title{\nfont-size:26px;\n}\n}\n<\/style>\n<div  class='avia-slideshow av-288ddd-088235da0297234675022de79bdea8e2 avia-slideshow-featured av_slideshow_full avia-fade-slider av-slideshow-ui av-control-minimal av-slideshow-autoplay av-loop-endless av-loop-manual-endless av-default-height-applied   avia-slideshow-1' data-slideshow-options=\"{&quot;animation&quot;:&quot;fade&quot;,&quot;autoplay&quot;:true,&quot;loop_autoplay&quot;:&quot;endless&quot;,&quot;interval&quot;:7,&quot;loop_manual&quot;:&quot;manual-endless&quot;,&quot;autoplay_stopper&quot;:false,&quot;noNavigation&quot;:false,&quot;bg_slider&quot;:false,&quot;keep_padding&quot;:false,&quot;hoverpause&quot;:false,&quot;show_slide_delay&quot;:0}\"  itemprop=\"image\" itemscope=\"itemscope\" itemtype=\"https:\/\/schema.org\/ImageObject\" ><ul class='avia-slideshow-inner ' style='padding-bottom: 28.666666666667%;'><li  class='avia-slideshow-slide av-288ddd-088235da0297234675022de79bdea8e2__0  av-single-slide slide-1 slide-odd'><div data-rel='slideshow-1' class='avia-slide-wrap '   ><img decoding=\"async\" fetchpriority=\"high\" class=\"wp-image-509 avia-img-lazy-loading-not-509\"  src=\"https:\/\/alte-kuechn.de\/en\/wp-content\/uploads\/sites\/3\/DSF8836-1500x430.jpg\" width=\"1500\" height=\"430\" title='_DSF8836' alt=''  itemprop=\"thumbnailUrl\"  style='min-height:300; min-width:1047px; ' \/><\/div><\/li><\/ul><\/div><\/div><div id='after_full_slider_1'  class='main_color av_default_container_wrap container_wrap fullsize'  ><div class='container av-section-cont-open' ><div class='template-page content  av-content-full alpha units'><div class='post-entry post-entry-type-page post-entry-857'><div class='entry-content-wrapper clearfix'>\n\n<style type=\"text\/css\" data-created_by=\"avia_inline_auto\" id=\"style-css-av-1ychn5-181d4c4262ac4df49f4cba4506327c7d\">\n.flex_column.av-1ychn5-181d4c4262ac4df49f4cba4506327c7d{\nborder-radius:0px 0px 0px 0px;\npadding:0px 0px 0px 0px;\n}\n<\/style>\n<div  class='flex_column av-1ychn5-181d4c4262ac4df49f4cba4506327c7d av_one_half  avia-builder-el-1  el_after_av_slideshow_full  el_before_av_one_half  avia-builder-el-first  first flex_column_div av-zero-column-padding  '     ><p>\n<style type=\"text\/css\" data-created_by=\"avia_inline_auto\" id=\"style-css-av-av_heading-453b62738f32493ac54cca5a84e3fd67\">\n#top .av-special-heading.av-av_heading-453b62738f32493ac54cca5a84e3fd67{\npadding-bottom:10px;\n}\nbody .av-special-heading.av-av_heading-453b62738f32493ac54cca5a84e3fd67 .av-special-heading-tag .heading-char{\nfont-size:25px;\n}\n.av-special-heading.av-av_heading-453b62738f32493ac54cca5a84e3fd67 .av-subheading{\nfont-size:15px;\n}\n<\/style>\n<div  class='av-special-heading av-av_heading-453b62738f32493ac54cca5a84e3fd67 av-special-heading-h1 blockquote modern-quote  avia-builder-el-2  el_before_av_textblock  avia-builder-el-first '><h1 class='av-special-heading-tag '  itemprop=\"headline\"  >References<\/h1><div class=\"special-heading-border\"><div class=\"special-heading-inner-border\"><\/div><\/div><\/div><br \/>\n<section  class='av_textblock_section av-1jf7tl-24b5ca778d49b5da3b08d40f3c17fb3c '   itemscope=\"itemscope\" itemtype=\"https:\/\/schema.org\/CreativeWork\" ><div class='avia_textblock'  itemprop=\"text\" ><p>We are proud to name the following companies and travel business as our customers and recurring guests.<\/p>\n<\/div><\/section><br \/>\n\n<style type=\"text\/css\" data-created_by=\"avia_inline_auto\" id=\"style-css-av-av_heading-a9b8203c1d478f8e09f65ad09fae1fe1\">\n#top .av-special-heading.av-av_heading-a9b8203c1d478f8e09f65ad09fae1fe1{\npadding-bottom:10px;\n}\nbody .av-special-heading.av-av_heading-a9b8203c1d478f8e09f65ad09fae1fe1 .av-special-heading-tag .heading-char{\nfont-size:25px;\n}\n.av-special-heading.av-av_heading-a9b8203c1d478f8e09f65ad09fae1fe1 .av-subheading{\nfont-size:15px;\n}\n<\/style>\n<div  class='av-special-heading av-av_heading-a9b8203c1d478f8e09f65ad09fae1fe1 av-special-heading-h2 blockquote modern-quote  avia-builder-el-4  el_after_av_textblock  el_before_av_textblock '><h2 class='av-special-heading-tag '  itemprop=\"headline\"  >At this instance we want to thank for confidence you have shown us. <\/h2><div class=\"special-heading-border\"><div class=\"special-heading-inner-border\"><\/div><\/div><\/div><br \/>\n<section  class='av_textblock_section av-1bfvop-ce862d485ce94d8928a91e95d7ee1d88 '   itemscope=\"itemscope\" itemtype=\"https:\/\/schema.org\/CreativeWork\" ><div class='avia_textblock'  itemprop=\"text\" ><p>1.FCN | 3M | AachenM\u00fcnchener | ABB | ABL | ABS Pumpen | ADAC | ADIDAS | AEG Electrolux | Agrano | Alcatel | Allianz | AOK | Arcor | Arndt Group| ARO | Atotech | Audi | AXA Vers. | Axel Springer Verlag | BAMF | Baccardi | Bahn AG | Ballistol\/Klever | BASF | Baum\u00fcller | Bayer | Bayern LB | ABL SURSUM | AREVA | BEI Group | BBS (Autofelgen) | Bayerischer Runfunk | Berufgenossenschaft Chemie | Best Western Hotel | BMW | Bosch | Br\u00e4uninger | Brio Toys | Buderus | Bundesagentur f. Arbeit | Busch-Jaeger | Canon | Carl Zeiss | Carrera | Chicco | Colonia Vers. |Commerzbank | Compunet | Concentro | Congress &amp; Tourismus Zentrale N\u00fcrnberg | Conti Temic | Continentale Vers. | Coca Cola | Cortal Consors | DAK | Danfoss | Danfoss | DATEV | DAUPHIN | DEBEKA | Dehn+S\u00f6hne | Demag |\u00a0<span class=\"s1\">Deutsche Messe, Hannover Fairs International | Deutsche Messe AG | <\/span>Deutsche Post | Deutsche Telekom | DEVK | DHL | Diehl | Dm Drogerie | DOKA | Douglas | Dr. Soldan | Dr\u00e4ger | Dresdner Bank | Dt. Journalistenverband | Dt. Rentenvers. | Dt. Spielwarenverband | Dunlop | Dupont | DVGW | DWS Investment | E+L Medical Systems | E.T.A | EADS | Eckart GmbH | ECPE | Electrolux | EON | Ericson | Esprit | ESSO | ETA | Eurolloyd | Europost | Faber Castell | Fackelmann | FAG Kugelfischer | Federal Mogul | Ferrero | Festo | Fielmann | Fraunhofer Institut | Fujitsu Siemens | German Parcel | GfK | Gilette Gruppe | Glaxo Smith Kline | GM | Gong Verlag | GoodYear | Gothaer | Graupner | Grundig | Hapag Lloyd | Hasbro | HDI | Henkel Tompson | Hewlett Packard | Hilti | Hitachi | Hochtief | Hornbach | Hypo Vereinsbank | Ibis | IBM | IG Metall | Impuls Finanz. | JBL | INA | ING DIBA | Intel | J\u00e4germeister | Japan Toy Association | Johnson Johnson | Jura | Kabel Deutschland | Karstadt | Kaufland | Kbe | Kennametal | Keramag | Knauf | Knaus Tabbert Group | Konica Minolta | KSB | LEGO | Leica | Leistritz | Leonhard Kurz | LGA | LGB | Lidl | Liebherr | Linde | Loreal | Lucent Technologies | Lufthansa | Lugato | MAGLITE | MAN | Metz | M\u00e4rklin | MATTEL | Maul &amp; Belser | Media Markt | Mercedes Benz | Metro | Microchip Tecnologie | Microsoft | Minimax | Mister+Lady Jeans | M\u00fcller Drogerie | M\u00fcller Verlag | National Machinery | Navigate | N-ERGIE | N-ERGIE | Nestle | NETWAYS | Nexans | Nokia | Novotel | Norma | Norvartis Pharma | N\u00fcrnberg Incomming | N\u00fcrnberger Vers. | O2 | OBI | Panalpina | Pfleiderer | Pfrimmer Nutricia | Philips | Post AG | Postbank | Praktiker | Procter+Gamble | Puma (Messer) | Puma (Sportartikel) | Queens Hotel | Quelle | R+V Vers. | Raiffeisenbank | Ravensburger | REAL | Red Bull | REHAU | REWE | Roche | Rotes Kreuz | Royal Canin | RWE | SBB (CH) | VAG | Schaeffler AG | Schladerer | Schneekoppe | Sch\u00f6ller | Schwan Stabilo | Schw\u00e4bisch Hall | SEB | Segafredo | SELLBYTEL | Sellbytell | Semicron | SIEMENS | Sigikid | Simba Dickie Toys | Sisco Systems | Skoda | Sparda Bank | Sparkasse | Sport Scheck | Stadt N\u00fcrnberg | Steadtler | Stabilo | Smart | Suspa | Techniker Krankenkasse | Technotherm | TEGO Chemie | TEVI | Thule | Thyssen Krupp | Tioxide | Tioxide | T-Mobile | TNT | T\u00f6pfer | Toshiba | TOTAL | Trolli | T-Systems | Tucher | T\u00dcV Rheinland | T\u00dcV S\u00fcd | Tyco Electr. | Uni.-Klinikum Erlangen | Universa Vers. | UPS | Uvex | VAG | Vaillant | VEKA | Ver.di | Victoria Vers. | Viking Toys | Vitakraft | Volkswagen Bank | Vortex Vision | V-Tech | V-Tech | Walt Disney Company | Walther Dachziegel | WMF | W\u00f6hrl | Woolworth | W\u00fcrth | W\u00fcstenroth | Ytong |Zeiss Optic | Zentis | and many more\u2026<\/p>\n<\/div><\/section><br \/>\n\n<style type=\"text\/css\" data-created_by=\"avia_inline_auto\" id=\"style-css-av-av_heading-d3942774b554dc19a515448dc1080c4e\">\n#top .av-special-heading.av-av_heading-d3942774b554dc19a515448dc1080c4e{\npadding-bottom:10px;\n}\nbody .av-special-heading.av-av_heading-d3942774b554dc19a515448dc1080c4e .av-special-heading-tag .heading-char{\nfont-size:25px;\n}\n.av-special-heading.av-av_heading-d3942774b554dc19a515448dc1080c4e .av-subheading{\nfont-size:15px;\n}\n<\/style>\n<div  class='av-special-heading av-av_heading-d3942774b554dc19a515448dc1080c4e av-special-heading-h2 blockquote modern-quote  avia-builder-el-6  el_after_av_textblock  el_before_av_textblock '><h2 class='av-special-heading-tag '  itemprop=\"headline\"  >Tour operators<\/h2><div class=\"special-heading-border\"><div class=\"special-heading-inner-border\"><\/div><\/div><\/div><br \/>\n<section  class='av_textblock_section av-wl2ll-4187eb06af258db6696ad803a5998180 '   itemscope=\"itemscope\" itemtype=\"https:\/\/schema.org\/CreativeWork\" ><div class='avia_textblock'  itemprop=\"text\" ><p>Alpina Reisen | Bayer Reisen | Blitz Reisen | Bottenschein Reisen | Concept Reisen | Congress &amp; Tourismus Zentrale N\u00fcrnberg | Euro Reiseservice | Hartmann Reisen | Hassis Reisen | Heida Reisen | Heine Reisen | KG Reisen | KDE Reisen | Kircheng\u00e4ssner Reisen | Kylltal Reisen | Lambert Reisen | Lamm Reisen | Maas Reisen | MACK Reisen | Miki Reisen | M\u00fcller Reisen | Mumssen Reisen | Omnibus Rieder | Omnibus Beck+Schuhbaum | Optimal Reisen | OTTO Reisen | Pfl\u00fcger Reisen | Reba Eno | Reisen Steiert | Schielein Reisen | Trend Tours | Venus Reisen | Verkehrsverein N\u00fcrnberg | VR Bank | Walter Feuerstein Reisen | Service Reisen Giessen | Hoffmann Reisen | Teinachtal Reisen | Hafermann Reisen | Bierstil Reisen | V\u00f6gele Reisen | Tirtey Reisen | H\u00e4mel Reisen | Citi Reisen | Reisen Steiert | and many more\u2026<\/p>\n<\/div><\/section><br \/>\n\n<style type=\"text\/css\" data-created_by=\"avia_inline_auto\" id=\"style-css-av-av_heading-98ba301acb39c1619521fe033ab26fe3\">\n#top .av-special-heading.av-av_heading-98ba301acb39c1619521fe033ab26fe3{\npadding-bottom:10px;\n}\nbody .av-special-heading.av-av_heading-98ba301acb39c1619521fe033ab26fe3 .av-special-heading-tag .heading-char{\nfont-size:25px;\n}\n.av-special-heading.av-av_heading-98ba301acb39c1619521fe033ab26fe3 .av-subheading{\nfont-size:15px;\n}\n<\/style>\n<div  class='av-special-heading av-av_heading-98ba301acb39c1619521fe033ab26fe3 av-special-heading-h2 blockquote modern-quote  avia-builder-el-8  el_after_av_textblock  el_before_av_textblock '><h2 class='av-special-heading-tag '  itemprop=\"headline\"  >Prominents, who visited our business<\/h2><div class=\"special-heading-border\"><div class=\"special-heading-inner-border\"><\/div><\/div><\/div><br \/>\n<section  class='av_textblock_section av-nix35-6f5ff0b87dc95c015e379e91fc65d826 '   itemscope=\"itemscope\" itemtype=\"https:\/\/schema.org\/CreativeWork\" ><div class='avia_textblock'  itemprop=\"text\" ><p>Frank Zander, March 2009 (german musician, moderator and actor)<br \/>\nGerhard Polt (bavarian cabaret artist, TV- and cinema actor)<br \/>\nRenate Herzberg (TV-moderator)<br \/>\nAlfred Biolek (german TV-entertainer, talkmaster and professor of TV and cinema)<br \/>\nWalter Sedlmayr (bavarian folk actor)<br \/>\nMike Kr\u00fcger (german cabaret artist and singer)<br \/>\nKatharina Valente (german artist, singer and dancer)<br \/>\nUwe Seeler (football player)<br \/>\nWolfgang Overath (football player, president of the 1. FC Cologne)<br \/>\nPaul Breitner (football player)<br \/>\nHeinz H\u00f6her (football profi and and Bundesliga-coach)<br \/>\nHans Georg &#8222;Katsche&#8220; Schwarzenbeck (football player)<br \/>\nWolfgang Wolf (football player und coach)<br \/>\nKlaus Augenthaler (football player and coach)<br \/>\nMichael A. Roth (management of 1. FC Nuremberg)<br \/>\nRoland &#8222;Rolli&#8220; Wabra (goalkeeperr)<br \/>\nStefan &#8222;Steff&#8220; Reisch (football player)<br \/>\nLudwig &#8222;Luggi&#8220; M\u00fcller (football player)<br \/>\nTasso Wild (football player)<br \/>\nMax Merkel (austrian football player and coach)<br \/>\nG\u00fcnther Meier (football player)<br \/>\nGuido Knopp (german journalist, publicist and moderator)<br \/>\nFranz Josef Strau\u00df (former german politician and premier of Bavaria)<br \/>\nRaimund Harmstorf (german actor)<br \/>\nDr. Urschlechter (former mayor of Nuremberg)<br \/>\nDr. Sch\u00f6nlein (former mayor of Nuremberg)<br \/>\nDr. Scholz (former mayor of Nuremberg)<br \/>\nRainer Reuther (football player)<br \/>\nRoland Grahammer (football player)<br \/>\nErhard Wunderlich (handball player)<br \/>\nHeiner Brand (coach of the german handball national team of men)<br \/>\nDr. Ursula Engelen-Kefer (DGB)<br \/>\nSilvio Francesco (italian Entertainer, singer and actor)<br \/>\nRobert Atzorn (german actor)<\/p>\n<\/div><\/section><\/p><\/div>\n<style type=\"text\/css\" data-created_by=\"avia_inline_auto\" id=\"style-css-av-fpvsx-95f4c4b3d20e1f2689e3c8a4d6344cd1\">\n.flex_column.av-fpvsx-95f4c4b3d20e1f2689e3c8a4d6344cd1{\nborder-radius:0px 0px 0px 0px;\npadding:0px 0px 0px 0px;\n}\n<\/style>\n<div  class='flex_column av-fpvsx-95f4c4b3d20e1f2689e3c8a4d6344cd1 av_one_half  avia-builder-el-10  el_after_av_one_half  avia-builder-el-last  flex_column_div av-zero-column-padding  '     ><div id='av-masonry-1' class='av-masonry av-86weh-9082b453a3d3e5e725aec881ab2a2e19 noHover av-fixed-size av-large-gap av-hover-overlay- av-masonry-animation-active av-masonry-col-2 av-caption-always av-caption-style- av-masonry-gallery ' data-post_id=\"857\"><div class=\"av-masonry-container isotope av-js-disabled\"><div class='av-masonry-entry isotope-item av-masonry-item-no-image '><\/div><a href=\"https:\/\/alte-kuechn.de\/en\/wp-content\/uploads\/sites\/3\/DSF9127-1030x687.jpg\" data-srcset=\"https:\/\/alte-kuechn.de\/en\/wp-content\/uploads\/sites\/3\/DSF9127-1030x687.jpg 1030w, https:\/\/alte-kuechn.de\/en\/wp-content\/uploads\/sites\/3\/DSF9127-300x200.jpg 300w, https:\/\/alte-kuechn.de\/en\/wp-content\/uploads\/sites\/3\/DSF9127-768x512.jpg 768w, https:\/\/alte-kuechn.de\/en\/wp-content\/uploads\/sites\/3\/DSF9127-1500x1000.jpg 1500w, https:\/\/alte-kuechn.de\/en\/wp-content\/uploads\/sites\/3\/DSF9127-705x470.jpg 705w, https:\/\/alte-kuechn.de\/en\/wp-content\/uploads\/sites\/3\/DSF9127-450x300.jpg 450w\" data-sizes=\"(max-width: 1030px) 100vw, 1030px\"  aria-label=\"Bild _DSF9127\"  id='av-masonry-1-item-717' data-av-masonry-item='717' class='av-masonry-entry isotope-item post-717 attachment type-attachment status-inherit hentry  av-masonry-item-with-image av-grid-img' title=\"_DSF9127\" alt=\"\"    itemprop=\"thumbnailUrl\" ><div class='av-inner-masonry-sizer'><\/div><figure class='av-inner-masonry main_color'><div class=\"av-masonry-outerimage-container\"><div class='av-masonry-image-container' style=\"background-image: url(https:\/\/alte-kuechn.de\/en\/wp-content\/uploads\/sites\/3\/DSF9127-705x470.jpg);\"  title=\"_DSF9127\" ><\/div><\/div><\/figure><\/a><!--end av-masonry entry--><a href=\"https:\/\/alte-kuechn.de\/en\/wp-content\/uploads\/sites\/3\/DSC_4256-HDR-1030x688.jpg\" data-srcset=\"https:\/\/alte-kuechn.de\/en\/wp-content\/uploads\/sites\/3\/DSC_4256-HDR-1030x688.jpg 1030w, https:\/\/alte-kuechn.de\/en\/wp-content\/uploads\/sites\/3\/DSC_4256-HDR-300x200.jpg 300w, https:\/\/alte-kuechn.de\/en\/wp-content\/uploads\/sites\/3\/DSC_4256-HDR-768x513.jpg 768w, https:\/\/alte-kuechn.de\/en\/wp-content\/uploads\/sites\/3\/DSC_4256-HDR-705x471.jpg 705w, https:\/\/alte-kuechn.de\/en\/wp-content\/uploads\/sites\/3\/DSC_4256-HDR-450x301.jpg 450w, https:\/\/alte-kuechn.de\/en\/wp-content\/uploads\/sites\/3\/DSC_4256-HDR.jpg 1280w\" data-sizes=\"(max-width: 1030px) 100vw, 1030px\"  aria-label=\"Bild DSC_4256-HDR\"  id='av-masonry-1-item-511' data-av-masonry-item='511' class='av-masonry-entry isotope-item post-511 attachment type-attachment status-inherit hentry  av-masonry-item-with-image av-grid-img' title=\"DSC_4256-HDR\" alt=\"\"    itemprop=\"thumbnailUrl\" ><div class='av-inner-masonry-sizer'><\/div><figure class='av-inner-masonry main_color'><div class=\"av-masonry-outerimage-container\"><div class='av-masonry-image-container' style=\"background-image: url(https:\/\/alte-kuechn.de\/en\/wp-content\/uploads\/sites\/3\/DSC_4256-HDR-705x471.jpg);\"  title=\"DSC_4256-HDR\" ><\/div><\/div><\/figure><\/a><!--end av-masonry entry--><a href=\"https:\/\/alte-kuechn.de\/en\/wp-content\/uploads\/sites\/3\/DSF8858-1030x687.jpg\" data-srcset=\"https:\/\/alte-kuechn.de\/en\/wp-content\/uploads\/sites\/3\/DSF8858-1030x687.jpg 1030w, https:\/\/alte-kuechn.de\/en\/wp-content\/uploads\/sites\/3\/DSF8858-300x200.jpg 300w, https:\/\/alte-kuechn.de\/en\/wp-content\/uploads\/sites\/3\/DSF8858-768x512.jpg 768w, https:\/\/alte-kuechn.de\/en\/wp-content\/uploads\/sites\/3\/DSF8858-1500x1000.jpg 1500w, https:\/\/alte-kuechn.de\/en\/wp-content\/uploads\/sites\/3\/DSF8858-705x470.jpg 705w, https:\/\/alte-kuechn.de\/en\/wp-content\/uploads\/sites\/3\/DSF8858-450x300.jpg 450w\" data-sizes=\"(max-width: 1030px) 100vw, 1030px\"  aria-label=\"Bild _DSF8858\"  id='av-masonry-1-item-713' data-av-masonry-item='713' class='av-masonry-entry isotope-item post-713 attachment type-attachment status-inherit hentry  av-masonry-item-with-image av-grid-img' title=\"_DSF8858\" alt=\"\"    itemprop=\"thumbnailUrl\" ><div class='av-inner-masonry-sizer'><\/div><figure class='av-inner-masonry main_color'><div class=\"av-masonry-outerimage-container\"><div class='av-masonry-image-container' style=\"background-image: url(https:\/\/alte-kuechn.de\/en\/wp-content\/uploads\/sites\/3\/DSF8858-705x470.jpg);\"  title=\"_DSF8858\" ><\/div><\/div><\/figure><\/a><!--end av-masonry entry--><a href=\"https:\/\/alte-kuechn.de\/en\/wp-content\/uploads\/sites\/3\/DSC00131-1030x773.jpg\" data-srcset=\"https:\/\/alte-kuechn.de\/en\/wp-content\/uploads\/sites\/3\/DSC00131-1030x773.jpg 1030w, https:\/\/alte-kuechn.de\/en\/wp-content\/uploads\/sites\/3\/DSC00131-300x225.jpg 300w, https:\/\/alte-kuechn.de\/en\/wp-content\/uploads\/sites\/3\/DSC00131-768x576.jpg 768w, https:\/\/alte-kuechn.de\/en\/wp-content\/uploads\/sites\/3\/DSC00131-705x529.jpg 705w, https:\/\/alte-kuechn.de\/en\/wp-content\/uploads\/sites\/3\/DSC00131-450x338.jpg 450w, https:\/\/alte-kuechn.de\/en\/wp-content\/uploads\/sites\/3\/DSC00131.jpg 1360w\" data-sizes=\"(max-width: 1030px) 100vw, 1030px\"  aria-label=\"Bild DSC00131\"  id='av-masonry-1-item-715' data-av-masonry-item='715' class='av-masonry-entry isotope-item post-715 attachment type-attachment status-inherit hentry  av-masonry-item-with-image av-grid-img' title=\"DSC00131\" alt=\"\"    itemprop=\"thumbnailUrl\" ><div class='av-inner-masonry-sizer'><\/div><figure class='av-inner-masonry main_color'><div class=\"av-masonry-outerimage-container\"><div class='av-masonry-image-container' style=\"background-image: url(https:\/\/alte-kuechn.de\/en\/wp-content\/uploads\/sites\/3\/DSC00131-705x529.jpg);\"  title=\"DSC00131\" ><\/div><\/div><\/figure><\/a><!--end av-masonry entry--><\/div><\/div><\/div><\/p>\n","protected":false},"excerpt":{"rendered":"","protected":false},"author":1,"featured_media":0,"parent":0,"menu_order":0,"comment_status":"closed","ping_status":"closed","template":"","meta":{"footnotes":""},"class_list":["post-857","page","type-page","status-publish","hentry"],"yoast_head":"<!-- This site is optimized with the Yoast SEO plugin v27.3 - https:\/\/yoast.com\/product\/yoast-seo-wordpress\/ -->\n<title>References &#8212; Alte K\u00fcch\u2019n &amp; Im Keller | Historic restaurant in the heart of Nuremberg\u2019s old town<\/title>\n<meta name=\"description\" content=\"We are proud to name the following companies and travel business as our customers and recurring guests. At this instance we want to thank for confidence you have shown us. There are many Tour operators and Prominents too, who visited Historic restaurant in the heart of Nuremberg\u2019s old town.\" \/>\n<meta name=\"robots\" content=\"index, follow, max-snippet:-1, max-image-preview:large, max-video-preview:-1\" \/>\n<link rel=\"canonical\" href=\"https:\/\/alte-kuechn.de\/en\/references\/\" \/>\n<meta property=\"og:locale\" content=\"de_DE\" \/>\n<meta property=\"og:type\" content=\"article\" \/>\n<meta property=\"og:title\" content=\"References &#8212; Alte K\u00fcch\u2019n &amp; Im Keller | Historic restaurant in the heart of Nuremberg\u2019s old town\" \/>\n<meta property=\"og:description\" content=\"We are proud to name the following companies and travel business as our customers and recurring guests. At this instance we want to thank for confidence you have shown us. There are many Tour operators and Prominents too, who visited Historic restaurant in the heart of Nuremberg\u2019s old town.\" \/>\n<meta property=\"og:url\" content=\"https:\/\/alte-kuechn.de\/en\/references\/\" \/>\n<meta property=\"og:site_name\" content=\"EN Alte K\u00fcch\u2019n\u00a0&amp; Im\u00a0Keller\" \/>\n<meta property=\"article:modified_time\" content=\"2019-11-27T16:52:20+00:00\" \/>\n<meta name=\"twitter:card\" content=\"summary_large_image\" \/>\n<meta name=\"twitter:label1\" content=\"Gesch\u00e4tzte Lesezeit\" \/>\n\t<meta name=\"twitter:data1\" content=\"7\u00a0Minuten\" \/>\n<script type=\"application\/ld+json\" class=\"yoast-schema-graph\">{\"@context\":\"https:\\\/\\\/schema.org\",\"@graph\":[{\"@type\":\"WebPage\",\"@id\":\"https:\\\/\\\/alte-kuechn.de\\\/en\\\/references\\\/\",\"url\":\"https:\\\/\\\/alte-kuechn.de\\\/en\\\/references\\\/\",\"name\":\"References &#8212; Alte K\u00fcch\u2019n & Im Keller | Historic restaurant in the heart of Nuremberg\u2019s old town\",\"isPartOf\":{\"@id\":\"https:\\\/\\\/alte-kuechn.de\\\/en\\\/#website\"},\"datePublished\":\"2017-08-14T19:09:35+00:00\",\"dateModified\":\"2019-11-27T16:52:20+00:00\",\"description\":\"We are proud to name the following companies and travel business as our customers and recurring guests. At this instance we want to thank for confidence you have shown us. There are many Tour operators and Prominents too, who visited Historic restaurant in the heart of Nuremberg\u2019s old town.\",\"breadcrumb\":{\"@id\":\"https:\\\/\\\/alte-kuechn.de\\\/en\\\/references\\\/#breadcrumb\"},\"inLanguage\":\"de\",\"potentialAction\":[{\"@type\":\"ReadAction\",\"target\":[\"https:\\\/\\\/alte-kuechn.de\\\/en\\\/references\\\/\"]}]},{\"@type\":\"BreadcrumbList\",\"@id\":\"https:\\\/\\\/alte-kuechn.de\\\/en\\\/references\\\/#breadcrumb\",\"itemListElement\":[{\"@type\":\"ListItem\",\"position\":1,\"name\":\"Startseite\",\"item\":\"https:\\\/\\\/alte-kuechn.de\\\/en\\\/\"},{\"@type\":\"ListItem\",\"position\":2,\"name\":\"References\"}]},{\"@type\":\"WebSite\",\"@id\":\"https:\\\/\\\/alte-kuechn.de\\\/en\\\/#website\",\"url\":\"https:\\\/\\\/alte-kuechn.de\\\/en\\\/\",\"name\":\"EN Alte K\u00fcch\u2019n\u00a0&amp; Im\u00a0Keller\",\"description\":\"Historic restaurant in the heart of Nuremberg\u2019s old town\",\"potentialAction\":[{\"@type\":\"SearchAction\",\"target\":{\"@type\":\"EntryPoint\",\"urlTemplate\":\"https:\\\/\\\/alte-kuechn.de\\\/en\\\/?s={search_term_string}\"},\"query-input\":{\"@type\":\"PropertyValueSpecification\",\"valueRequired\":true,\"valueName\":\"search_term_string\"}}],\"inLanguage\":\"de\"}]}<\/script>\n<!-- \/ Yoast SEO plugin. -->","yoast_head_json":{"title":"References &#8212; Alte K\u00fcch\u2019n & Im Keller | Historic restaurant in the heart of Nuremberg\u2019s old town","description":"We are proud to name the following companies and travel business as our customers and recurring guests. At this instance we want to thank for confidence you have shown us. There are many Tour operators and Prominents too, who visited Historic restaurant in the heart of Nuremberg\u2019s old town.","robots":{"index":"index","follow":"follow","max-snippet":"max-snippet:-1","max-image-preview":"max-image-preview:large","max-video-preview":"max-video-preview:-1"},"canonical":"https:\/\/alte-kuechn.de\/en\/references\/","og_locale":"de_DE","og_type":"article","og_title":"References &#8212; Alte K\u00fcch\u2019n & Im Keller | Historic restaurant in the heart of Nuremberg\u2019s old town","og_description":"We are proud to name the following companies and travel business as our customers and recurring guests. At this instance we want to thank for confidence you have shown us. There are many Tour operators and Prominents too, who visited Historic restaurant in the heart of Nuremberg\u2019s old town.","og_url":"https:\/\/alte-kuechn.de\/en\/references\/","og_site_name":"EN Alte K\u00fcch\u2019n\u00a0&amp; Im\u00a0Keller","article_modified_time":"2019-11-27T16:52:20+00:00","twitter_card":"summary_large_image","twitter_misc":{"Gesch\u00e4tzte Lesezeit":"7\u00a0Minuten"},"schema":{"@context":"https:\/\/schema.org","@graph":[{"@type":"WebPage","@id":"https:\/\/alte-kuechn.de\/en\/references\/","url":"https:\/\/alte-kuechn.de\/en\/references\/","name":"References &#8212; Alte K\u00fcch\u2019n & Im Keller | Historic restaurant in the heart of Nuremberg\u2019s old town","isPartOf":{"@id":"https:\/\/alte-kuechn.de\/en\/#website"},"datePublished":"2017-08-14T19:09:35+00:00","dateModified":"2019-11-27T16:52:20+00:00","description":"We are proud to name the following companies and travel business as our customers and recurring guests. At this instance we want to thank for confidence you have shown us. There are many Tour operators and Prominents too, who visited Historic restaurant in the heart of Nuremberg\u2019s old town.","breadcrumb":{"@id":"https:\/\/alte-kuechn.de\/en\/references\/#breadcrumb"},"inLanguage":"de","potentialAction":[{"@type":"ReadAction","target":["https:\/\/alte-kuechn.de\/en\/references\/"]}]},{"@type":"BreadcrumbList","@id":"https:\/\/alte-kuechn.de\/en\/references\/#breadcrumb","itemListElement":[{"@type":"ListItem","position":1,"name":"Startseite","item":"https:\/\/alte-kuechn.de\/en\/"},{"@type":"ListItem","position":2,"name":"References"}]},{"@type":"WebSite","@id":"https:\/\/alte-kuechn.de\/en\/#website","url":"https:\/\/alte-kuechn.de\/en\/","name":"EN Alte K\u00fcch\u2019n\u00a0&amp; Im\u00a0Keller","description":"Historic restaurant in the heart of Nuremberg\u2019s old town","potentialAction":[{"@type":"SearchAction","target":{"@type":"EntryPoint","urlTemplate":"https:\/\/alte-kuechn.de\/en\/?s={search_term_string}"},"query-input":{"@type":"PropertyValueSpecification","valueRequired":true,"valueName":"search_term_string"}}],"inLanguage":"de"}]}},"_links":{"self":[{"href":"https:\/\/alte-kuechn.de\/en\/wp-json\/wp\/v2\/pages\/857","targetHints":{"allow":["GET"]}}],"collection":[{"href":"https:\/\/alte-kuechn.de\/en\/wp-json\/wp\/v2\/pages"}],"about":[{"href":"https:\/\/alte-kuechn.de\/en\/wp-json\/wp\/v2\/types\/page"}],"author":[{"embeddable":true,"href":"https:\/\/alte-kuechn.de\/en\/wp-json\/wp\/v2\/users\/1"}],"replies":[{"embeddable":true,"href":"https:\/\/alte-kuechn.de\/en\/wp-json\/wp\/v2\/comments?post=857"}],"version-history":[{"count":5,"href":"https:\/\/alte-kuechn.de\/en\/wp-json\/wp\/v2\/pages\/857\/revisions"}],"predecessor-version":[{"id":1158,"href":"https:\/\/alte-kuechn.de\/en\/wp-json\/wp\/v2\/pages\/857\/revisions\/1158"}],"wp:attachment":[{"href":"https:\/\/alte-kuechn.de\/en\/wp-json\/wp\/v2\/media?parent=857"}],"curies":[{"name":"wp","href":"https:\/\/api.w.org\/{rel}","templated":true}]}}